{"id":57,"date":"2019-08-21T01:14:17","date_gmt":"2019-08-20T22:14:17","guid":{"rendered":"http:\/\/talhabarut.com\/?page_id=57"},"modified":"2019-09-14T00:03:51","modified_gmt":"2019-09-13T21:03:51","slug":"emeklilik-ve-torba-yasasi","status":"publish","type":"page","link":"https:\/\/talhabarut.com\/index.php\/emeklilik-ve-torba-yasasi\/","title":{"rendered":"Emeklilik Yasas\u0131"},"content":{"rendered":"\n<div class=\"wp-block-columns has-2-columns is-layout-flex wp-container-core-columns-is-layout-9d6595d7 wp-block-columns-is-layout-flex\">\n<div class=\"wp-block-column is-layout-flow wp-block-column-is-layout-flow\">\n<p><br> Torba yasa mecliste tart\u0131\u015f\u0131l\u0131rken yurtd\u0131\u015f\u0131ndaki T\u00fcrklerin de kafas\u0131 bir hayli kar\u0131\u015fm\u0131\u015f durumda. Almanya\u2019daki T\u00fcrkleri de yak\u0131ndan ilgilendiren T\u00fcrk emeklilik yasas\u0131ndaki de\u011fi\u015fiklikle ilgili konunun uzman\u0131 Av. Talha BARUT gazetemize \u015fu a\u00e7\u0131klamalarda bulundu: \u201e3201 say\u0131l\u0131 kanunda de\u011fi\u015fiklik \u00f6ng\u00f6ren yasa tasar\u0131s\u0131 yurtd\u0131\u015f\u0131ndaki T\u00fcrkler i\u00e7in bir devrim niteli\u011findedir. E\u011fer s\u00f6z konusu d\u00fczenleme yasala\u015f\u0131rsa y\u0131llardan beri hukuk m\u00fccadelesiyle elde edilen birtak\u0131m haklar davas\u0131z olarak elde edilebilecektir. Ancak bu olumlu d\u00fczenleme, baz\u0131 olumsuzluklar\u0131 da beraberinde getirmektedir. Zira \u015fu anda mevcut olan bor\u00e7lanma d\u00f6nemlerini serbest\u00e7e se\u00e7ebilme hakk\u0131 ortadan kald\u0131r\u0131lacakt\u0131r. <br> Bu durum ise baz\u0131 ki\u015filerin emekli maa\u015flar\u0131na do\u011frudan do\u011fruya etki edecektir. \u00d6rne\u011fin \u015fu andaki yasaya g\u00f6re 1980 y\u0131l\u0131ndan beri Almanya\u2019da \u00e7al\u0131\u015fan biri do\u011fru d\u00f6nemleri bor\u00e7land\u0131\u011f\u0131 takdirde 1240 Lira civar\u0131nda emekli maa\u015f\u0131 alabilmektedir. Fakat bu ki\u015fi yeni yasa \u00e7\u0131kt\u0131ktan sonra i\u015flemlerini ba\u015flat\u0131rsa maa\u015f\u0131 700 TL ye kadar d\u00fc\u015fecektir. Zira art\u0131k bor\u00e7lanma d\u00f6nemleri otomatik olarak belirlenecektir. Bu durum ise yurtd\u0131\u015f\u0131 bor\u00e7lanma hakk\u0131n\u0131n cazibesini azaltacakt\u0131r. Bir yandan emeklili\u011fi kolayla\u015ft\u0131ran h\u00fck\u00fcmler getirilmesi di\u011fer yandan da tasar\u0131n\u0131n 24. maddesiyle dolayl\u0131 olarak maa\u015flar\u0131n d\u00fc\u015f\u00fcr\u00fclmesi tezat i\u00e7ermektedir. Baz\u0131 haklar\u0131n verilerek baz\u0131 haklar\u0131n al\u0131nmas\u0131 ileriye y\u00f6nelik yeni davalar\u0131n ortaya \u00e7\u0131kmas\u0131na sebebiyet verecektir. Vatanda\u015flar\u0131m\u0131z\u0131n mevcut yasan\u0131n avantajlar\u0131ndan yararlanabilmesi i\u00e7in bir an \u00f6nce m\u00fcracaat etmesi gerekmektedir. <\/p>\n<\/div>\n\n\n\n<div class=\"wp-block-column is-layout-flow wp-block-column-is-layout-flow\">\n<figure class=\"wp-block-image\"><img loading=\"lazy\" decoding=\"async\" width=\"700\" height=\"572\" src=\"https:\/\/talhabarut.com\/wp-content\/uploads\/2019\/08\/sayfa_emeklilikvetorba.jpg\" alt=\"\" class=\"wp-image-483\" srcset=\"https:\/\/talhabarut.com\/wp-content\/uploads\/2019\/08\/sayfa_emeklilikvetorba.jpg 700w, https:\/\/talhabarut.com\/wp-content\/uploads\/2019\/08\/sayfa_emeklilikvetorba-300x245.jpg 300w\" sizes=\"auto, (max-width: 700px) 100vw, 700px\" \/><\/figure>\n<\/div>\n<\/div>\n\n\n\n<p>Hala yeterince vakit var. Yasa y\u00fcr\u00fcrl\u00fc\u011fe girene kadar m\u00fcracaat etmek m\u00fcmk\u00fcn. \u0130\u015flemlerini mevcut yasa d\u00f6neminde ba\u015flatanlar mevcut yasaya tabi olacak, yeni yasa d\u00f6neminde ba\u015flatanlar ise yeni yasaya tabi olacakt\u0131r. Ben \u015fahsen gerek mavi kartl\u0131lar\u0131n gerekse T\u00fcrk vatanda\u015flar\u0131n\u0131n yeni yasa \u00e7\u0131kmadan bir an \u00f6nce i\u015flemlerini ba\u015flatmas\u0131n\u0131 tavsiye ederim.\u2019Steindamm 105, 20099 Hamburg adresinde Talya hizmet sunun Av. Talha Barut, vatanda\u015flar\u0131n hak kayb\u0131na u\u011framamas\u0131 i\u00e7in do\u011frudan do\u011fruya \u00f6zellikle bu konuda uzman bir avukat ile irtibata ge\u00e7meleri gerekti\u011fini vurgulam\u0131\u015ft\u0131r. Sadece tek \u00e7e\u015fit emeklilik sisteminin olmad\u0131\u011f\u0131n\u0131, her ki\u015finin durumunun farkl\u0131 oldu\u011funu, en az \u00f6deyerek en y\u00fcksek maa\u015f\u0131 alacak \u015fekilde hesap yaparak i\u015flemlerini y\u00fcr\u00fctmeleri gerekti\u011fini vurgulayarak s\u00f6zlerini tamamlam\u0131\u015ft\u0131r.<\/p>\n\n\n\n<p><strong>Bilgi i\u00e7in: 040 636 93 310<\/strong><br><\/p>\n\n\n<div id=\"pl-gb57-69f2d670cdd83\"  class=\"panel-layout\" ><div id=\"pg-gb57-69f2d670cdd83-0\"  class=\"panel-grid panel-no-style\" ><div id=\"pgc-gb57-69f2d670cdd83-0-0\"  class=\"panel-grid-cell\" ><div id=\"panel-gb57-69f2d670cdd83-0-0-0\" class=\"so-panel widget widget_sow-social-media-buttons panel-first-child panel-last-child\" data-index=\"0\" ><div\n\t\t\t\n\t\t\tclass=\"so-widget-sow-social-media-buttons so-widget-sow-social-media-buttons-atom-71b0db8af3ff-57\"\n\t\t\t\n\t\t>\n<h3 class=\"widget-title\">Sosyal Medya Hesaplar\u0131m\u0131z<\/h3>\n<div class=\"social-media-button-container\">\n\t\n\t\t<a \n\t\tclass=\"ow-button-hover sow-social-media-button-facebook-0 sow-social-media-button\" title=\"Facebook\" aria-label=\"Facebook\" target=\"_blank\" rel=\"noopener noreferrer\" href=\"https:\/\/www.facebook.com\/talha.barut.1\" \t\t>\n\t\t\t<span>\n\t\t\t\t\t\t\t\t<span class=\"sow-icon-fontawesome sow-fab\" data-sow-icon=\"&#xf39e;\"\n\t\t \n\t\taria-hidden=\"true\"><\/span>\t\t\t\t\t\t\t<\/span>\n\t\t<\/a>\n\t\n\t\t<a \n\t\tclass=\"ow-button-hover sow-social-media-button-x-twitter-0 sow-social-media-button\" title=\"Twitter\" aria-label=\"Twitter\" target=\"_blank\" rel=\"noopener noreferrer\" href=\"\/\" \t\t>\n\t\t\t<span>\n\t\t\t\t\t\t\t\t<span class=\"sow-icon-fontawesome sow-fab\" data-sow-icon=\"&#xe61b;\"\n\t\t \n\t\taria-hidden=\"true\"><\/span>\t\t\t\t\t\t\t<\/span>\n\t\t<\/a>\n\t\n\t\t<a \n\t\tclass=\"ow-button-hover sow-social-media-button-youtube-0 sow-social-media-button\" title=\"Youtube\" aria-label=\"Youtube\" target=\"_blank\" rel=\"noopener noreferrer\" href=\"https:\/\/www.youtube.com\/channel\/UCVcgSdThK-EFQQcnOuM9o5g\/videos\" \t\t>\n\t\t\t<span>\n\t\t\t\t\t\t\t\t<span class=\"sow-icon-fontawesome sow-fab\" data-sow-icon=\"&#xf167;\"\n\t\t \n\t\taria-hidden=\"true\"><\/span>\t\t\t\t\t\t\t<\/span>\n\t\t<\/a>\n\t\n\t\t<a \n\t\tclass=\"ow-button-hover sow-social-media-button-envelope-0 sow-social-media-button\" title=\"Email\" aria-label=\"Email\" target=\"_blank\" rel=\"noopener noreferrer\" href=\"mailto:%20av.talhabarut@googlemail.com\" \t\t>\n\t\t\t<span>\n\t\t\t\t\t\t\t\t<span class=\"sow-icon-fontawesome sow-fas\" data-sow-icon=\"&#xf0e0;\"\n\t\t \n\t\taria-hidden=\"true\"><\/span>\t\t\t\t\t\t\t<\/span>\n\t\t<\/a>\n\t<\/div>\n<\/div><\/div><\/div><\/div><\/div>","protected":false},"excerpt":{"rendered":"<p>Torba yasa mecliste tart\u0131\u015f\u0131l\u0131rken yurtd\u0131\u015f\u0131ndaki T\u00fcrklerin de kafas\u0131 bir hayli kar\u0131\u015fm\u0131\u015f durumda. Almanya\u2019daki T\u00fcrkleri de yak\u0131ndan ilgilendiren T\u00fcrk emeklilik yasas\u0131ndaki de\u011fi\u015fiklikle ilgili konunun uzman\u0131 Av. Talha BARUT gazetemize \u015fu a\u00e7\u0131klamalarda bulundu: \u201e3201 say\u0131l\u0131 kanunda de\u011fi\u015fiklik \u00f6ng\u00f6ren yasa tasar\u0131s\u0131 yurtd\u0131\u015f\u0131ndaki T\u00fcrkler i\u00e7in bir devrim niteli\u011findedir. E\u011fer s\u00f6z konusu d\u00fczenleme yasala\u015f\u0131rsa y\u0131llardan beri hukuk m\u00fccadelesiyle elde edilen&hellip;<\/p>\n<p class=\"more-link\"><a href=\"https:\/\/talhabarut.com\/index.php\/emeklilik-ve-torba-yasasi\/\" class=\"themebutton2\">Read More<\/a><\/p>\n","protected":false},"author":1,"featured_media":0,"parent":0,"menu_order":0,"comment_status":"closed","ping_status":"closed","template":"","meta":{"_exactmetrics_skip_tracking":false,"_exactmetrics_sitenote_active":false,"_exactmetrics_sitenote_note":"","_exactmetrics_sitenote_category":0,"footnotes":""},"class_list":["post-57","page","type-page","status-publish","hentry"],"yoast_head":"<!-- This site is optimized with the Yoast SEO plugin v24.9 - https:\/\/yoast.com\/wordpress\/plugins\/seo\/ -->\n<title>Emeklilik Yasas\u0131 - Talha Barut<\/title>\n<meta name=\"robots\" content=\"index, follow, max-snippet:-1, max-image-preview:large, max-video-preview:-1\" \/>\n<link rel=\"canonical\" href=\"https:\/\/talhabarut.com\/index.php\/emeklilik-ve-torba-yasasi\/\" \/>\n<meta property=\"og:locale\" content=\"tr_TR\" \/>\n<meta property=\"og:type\" content=\"article\" \/>\n<meta property=\"og:title\" content=\"Emeklilik Yasas\u0131 - Talha Barut\" \/>\n<meta property=\"og:description\" content=\"Torba yasa mecliste tart\u0131\u015f\u0131l\u0131rken yurtd\u0131\u015f\u0131ndaki T\u00fcrklerin de kafas\u0131 bir hayli kar\u0131\u015fm\u0131\u015f durumda. Almanya\u2019daki T\u00fcrkleri de yak\u0131ndan ilgilendiren T\u00fcrk emeklilik yasas\u0131ndaki de\u011fi\u015fiklikle ilgili konunun uzman\u0131 Av. Talha BARUT gazetemize \u015fu a\u00e7\u0131klamalarda bulundu: \u201e3201 say\u0131l\u0131 kanunda de\u011fi\u015fiklik \u00f6ng\u00f6ren yasa tasar\u0131s\u0131 yurtd\u0131\u015f\u0131ndaki T\u00fcrkler i\u00e7in bir devrim niteli\u011findedir. E\u011fer s\u00f6z konusu d\u00fczenleme yasala\u015f\u0131rsa y\u0131llardan beri hukuk m\u00fccadelesiyle elde edilen&hellip;Read More\" \/>\n<meta property=\"og:url\" content=\"https:\/\/talhabarut.com\/index.php\/emeklilik-ve-torba-yasasi\/\" \/>\n<meta property=\"og:site_name\" content=\"Talha Barut\" \/>\n<meta property=\"article:modified_time\" content=\"2019-09-13T21:03:51+00:00\" \/>\n<meta property=\"og:image\" content=\"http:\/\/talhabarut.com\/wp-content\/uploads\/2019\/08\/sayfa_emeklilikvetorba.jpg\" \/>\n<meta name=\"twitter:card\" content=\"summary_large_image\" \/>\n<meta name=\"twitter:label1\" content=\"Tahmini okuma s\u00fcresi\" \/>\n\t<meta name=\"twitter:data1\" content=\"2 dakika\" \/>\n<script type=\"application\/ld+json\" class=\"yoast-schema-graph\">{\"@context\":\"https:\/\/schema.org\",\"@graph\":[{\"@type\":\"WebPage\",\"@id\":\"https:\/\/talhabarut.com\/index.php\/emeklilik-ve-torba-yasasi\/\",\"url\":\"https:\/\/talhabarut.com\/index.php\/emeklilik-ve-torba-yasasi\/\",\"name\":\"Emeklilik Yasas\u0131 - Talha Barut\",\"isPartOf\":{\"@id\":\"https:\/\/talhabarut.com\/#website\"},\"primaryImageOfPage\":{\"@id\":\"https:\/\/talhabarut.com\/index.php\/emeklilik-ve-torba-yasasi\/#primaryimage\"},\"image\":{\"@id\":\"https:\/\/talhabarut.com\/index.php\/emeklilik-ve-torba-yasasi\/#primaryimage\"},\"thumbnailUrl\":\"http:\/\/talhabarut.com\/wp-content\/uploads\/2019\/08\/sayfa_emeklilikvetorba.jpg\",\"datePublished\":\"2019-08-20T22:14:17+00:00\",\"dateModified\":\"2019-09-13T21:03:51+00:00\",\"breadcrumb\":{\"@id\":\"https:\/\/talhabarut.com\/index.php\/emeklilik-ve-torba-yasasi\/#breadcrumb\"},\"inLanguage\":\"tr\",\"potentialAction\":[{\"@type\":\"ReadAction\",\"target\":[\"https:\/\/talhabarut.com\/index.php\/emeklilik-ve-torba-yasasi\/\"]}]},{\"@type\":\"ImageObject\",\"inLanguage\":\"tr\",\"@id\":\"https:\/\/talhabarut.com\/index.php\/emeklilik-ve-torba-yasasi\/#primaryimage\",\"url\":\"http:\/\/talhabarut.com\/wp-content\/uploads\/2019\/08\/sayfa_emeklilikvetorba.jpg\",\"contentUrl\":\"http:\/\/talhabarut.com\/wp-content\/uploads\/2019\/08\/sayfa_emeklilikvetorba.jpg\"},{\"@type\":\"BreadcrumbList\",\"@id\":\"https:\/\/talhabarut.com\/index.php\/emeklilik-ve-torba-yasasi\/#breadcrumb\",\"itemListElement\":[{\"@type\":\"ListItem\",\"position\":1,\"name\":\"Ana sayfa\",\"item\":\"https:\/\/talhabarut.com\/\"},{\"@type\":\"ListItem\",\"position\":2,\"name\":\"Emeklilik Yasas\u0131\"}]},{\"@type\":\"WebSite\",\"@id\":\"https:\/\/talhabarut.com\/#website\",\"url\":\"https:\/\/talhabarut.com\/\",\"name\":\"Talha Barut\",\"description\":\"Anwalt \/ Avukat\",\"publisher\":{\"@id\":\"https:\/\/talhabarut.com\/#\/schema\/person\/043e4e4bf7a1cdc3c4892973f3237780\"},\"potentialAction\":[{\"@type\":\"SearchAction\",\"target\":{\"@type\":\"EntryPoint\",\"urlTemplate\":\"https:\/\/talhabarut.com\/?s={search_term_string}\"},\"query-input\":{\"@type\":\"PropertyValueSpecification\",\"valueRequired\":true,\"valueName\":\"search_term_string\"}}],\"inLanguage\":\"tr\"},{\"@type\":[\"Person\",\"Organization\"],\"@id\":\"https:\/\/talhabarut.com\/#\/schema\/person\/043e4e4bf7a1cdc3c4892973f3237780\",\"name\":\"Av. Talha Barut\",\"image\":{\"@type\":\"ImageObject\",\"inLanguage\":\"tr\",\"@id\":\"https:\/\/talhabarut.com\/#\/schema\/person\/image\/\",\"url\":\"https:\/\/talhabarut.com\/wp-content\/uploads\/2019\/08\/logo_200x90.jpg\",\"contentUrl\":\"https:\/\/talhabarut.com\/wp-content\/uploads\/2019\/08\/logo_200x90.jpg\",\"width\":200,\"height\":90,\"caption\":\"Av. Talha Barut\"},\"logo\":{\"@id\":\"https:\/\/talhabarut.com\/#\/schema\/person\/image\/\"},\"description\":\"Avukat Talha Barut Almanya\",\"sameAs\":[\"http:\/\/www.talhabarut.com\"]}]}<\/script>\n<!-- \/ Yoast SEO plugin. -->","yoast_head_json":{"title":"Emeklilik Yasas\u0131 - Talha Barut","robots":{"index":"index","follow":"follow","max-snippet":"max-snippet:-1","max-image-preview":"max-image-preview:large","max-video-preview":"max-video-preview:-1"},"canonical":"https:\/\/talhabarut.com\/index.php\/emeklilik-ve-torba-yasasi\/","og_locale":"tr_TR","og_type":"article","og_title":"Emeklilik Yasas\u0131 - Talha Barut","og_description":"Torba yasa mecliste tart\u0131\u015f\u0131l\u0131rken yurtd\u0131\u015f\u0131ndaki T\u00fcrklerin de kafas\u0131 bir hayli kar\u0131\u015fm\u0131\u015f durumda. Almanya\u2019daki T\u00fcrkleri de yak\u0131ndan ilgilendiren T\u00fcrk emeklilik yasas\u0131ndaki de\u011fi\u015fiklikle ilgili konunun uzman\u0131 Av. Talha BARUT gazetemize \u015fu a\u00e7\u0131klamalarda bulundu: \u201e3201 say\u0131l\u0131 kanunda de\u011fi\u015fiklik \u00f6ng\u00f6ren yasa tasar\u0131s\u0131 yurtd\u0131\u015f\u0131ndaki T\u00fcrkler i\u00e7in bir devrim niteli\u011findedir. E\u011fer s\u00f6z konusu d\u00fczenleme yasala\u015f\u0131rsa y\u0131llardan beri hukuk m\u00fccadelesiyle elde edilen&hellip;Read More","og_url":"https:\/\/talhabarut.com\/index.php\/emeklilik-ve-torba-yasasi\/","og_site_name":"Talha Barut","article_modified_time":"2019-09-13T21:03:51+00:00","og_image":[{"url":"http:\/\/talhabarut.com\/wp-content\/uploads\/2019\/08\/sayfa_emeklilikvetorba.jpg","type":"","width":"","height":""}],"twitter_card":"summary_large_image","twitter_misc":{"Tahmini okuma s\u00fcresi":"2 dakika"},"schema":{"@context":"https:\/\/schema.org","@graph":[{"@type":"WebPage","@id":"https:\/\/talhabarut.com\/index.php\/emeklilik-ve-torba-yasasi\/","url":"https:\/\/talhabarut.com\/index.php\/emeklilik-ve-torba-yasasi\/","name":"Emeklilik Yasas\u0131 - Talha Barut","isPartOf":{"@id":"https:\/\/talhabarut.com\/#website"},"primaryImageOfPage":{"@id":"https:\/\/talhabarut.com\/index.php\/emeklilik-ve-torba-yasasi\/#primaryimage"},"image":{"@id":"https:\/\/talhabarut.com\/index.php\/emeklilik-ve-torba-yasasi\/#primaryimage"},"thumbnailUrl":"http:\/\/talhabarut.com\/wp-content\/uploads\/2019\/08\/sayfa_emeklilikvetorba.jpg","datePublished":"2019-08-20T22:14:17+00:00","dateModified":"2019-09-13T21:03:51+00:00","breadcrumb":{"@id":"https:\/\/talhabarut.com\/index.php\/emeklilik-ve-torba-yasasi\/#breadcrumb"},"inLanguage":"tr","potentialAction":[{"@type":"ReadAction","target":["https:\/\/talhabarut.com\/index.php\/emeklilik-ve-torba-yasasi\/"]}]},{"@type":"ImageObject","inLanguage":"tr","@id":"https:\/\/talhabarut.com\/index.php\/emeklilik-ve-torba-yasasi\/#primaryimage","url":"http:\/\/talhabarut.com\/wp-content\/uploads\/2019\/08\/sayfa_emeklilikvetorba.jpg","contentUrl":"http:\/\/talhabarut.com\/wp-content\/uploads\/2019\/08\/sayfa_emeklilikvetorba.jpg"},{"@type":"BreadcrumbList","@id":"https:\/\/talhabarut.com\/index.php\/emeklilik-ve-torba-yasasi\/#breadcrumb","itemListElement":[{"@type":"ListItem","position":1,"name":"Ana sayfa","item":"https:\/\/talhabarut.com\/"},{"@type":"ListItem","position":2,"name":"Emeklilik Yasas\u0131"}]},{"@type":"WebSite","@id":"https:\/\/talhabarut.com\/#website","url":"https:\/\/talhabarut.com\/","name":"Talha Barut","description":"Anwalt \/ Avukat","publisher":{"@id":"https:\/\/talhabarut.com\/#\/schema\/person\/043e4e4bf7a1cdc3c4892973f3237780"},"potentialAction":[{"@type":"SearchAction","target":{"@type":"EntryPoint","urlTemplate":"https:\/\/talhabarut.com\/?s={search_term_string}"},"query-input":{"@type":"PropertyValueSpecification","valueRequired":true,"valueName":"search_term_string"}}],"inLanguage":"tr"},{"@type":["Person","Organization"],"@id":"https:\/\/talhabarut.com\/#\/schema\/person\/043e4e4bf7a1cdc3c4892973f3237780","name":"Av. Talha Barut","image":{"@type":"ImageObject","inLanguage":"tr","@id":"https:\/\/talhabarut.com\/#\/schema\/person\/image\/","url":"https:\/\/talhabarut.com\/wp-content\/uploads\/2019\/08\/logo_200x90.jpg","contentUrl":"https:\/\/talhabarut.com\/wp-content\/uploads\/2019\/08\/logo_200x90.jpg","width":200,"height":90,"caption":"Av. Talha Barut"},"logo":{"@id":"https:\/\/talhabarut.com\/#\/schema\/person\/image\/"},"description":"Avukat Talha Barut Almanya","sameAs":["http:\/\/www.talhabarut.com"]}]}},"_links":{"self":[{"href":"https:\/\/talhabarut.com\/index.php\/wp-json\/wp\/v2\/pages\/57","targetHints":{"allow":["GET"]}}],"collection":[{"href":"https:\/\/talhabarut.com\/index.php\/wp-json\/wp\/v2\/pages"}],"about":[{"href":"https:\/\/talhabarut.com\/index.php\/wp-json\/wp\/v2\/types\/page"}],"author":[{"embeddable":true,"href":"https:\/\/talhabarut.com\/index.php\/wp-json\/wp\/v2\/users\/1"}],"replies":[{"embeddable":true,"href":"https:\/\/talhabarut.com\/index.php\/wp-json\/wp\/v2\/comments?post=57"}],"version-history":[{"count":13,"href":"https:\/\/talhabarut.com\/index.php\/wp-json\/wp\/v2\/pages\/57\/revisions"}],"predecessor-version":[{"id":688,"href":"https:\/\/talhabarut.com\/index.php\/wp-json\/wp\/v2\/pages\/57\/revisions\/688"}],"wp:attachment":[{"href":"https:\/\/talhabarut.com\/index.php\/wp-json\/wp\/v2\/media?parent=57"}],"curies":[{"name":"wp","href":"https:\/\/api.w.org\/{rel}","templated":true}]}}