{"version":"1.0","provider_name":"Talha Barut","provider_url":"https:\/\/talhabarut.com","author_name":"Av. Talha Barut","author_url":"https:\/\/talhabarut.com\/index.php\/author\/oz_tlh07\/","title":"Neum\u00fcnster'de Yeni Emeklilik Yasas\u0131 Tart\u0131\u015f\u0131ld\u0131 ! - Talha Barut","type":"rich","width":600,"height":338,"html":"<blockquote class=\"wp-embedded-content\" data-secret=\"EMxHAPYXwa\"><a href=\"https:\/\/talhabarut.com\/index.php\/2019\/08\/25\/neumunsterde-yeni-emeklilik-yasasi-tartisildi\/\">Neum\u00fcnster&#8217;de Yeni Emeklilik Yasas\u0131 Tart\u0131\u015f\u0131ld\u0131 !<\/a><\/blockquote><iframe sandbox=\"allow-scripts\" security=\"restricted\" src=\"https:\/\/talhabarut.com\/index.php\/2019\/08\/25\/neumunsterde-yeni-emeklilik-yasasi-tartisildi\/embed\/#?secret=EMxHAPYXwa\" width=\"600\" height=\"338\" title=\"&#8220;Neum\u00fcnster&#8217;de Yeni Emeklilik Yasas\u0131 Tart\u0131\u015f\u0131ld\u0131 !&#8221; &#8212; Talha Barut\" data-secret=\"EMxHAPYXwa\" frameborder=\"0\" marginwidth=\"0\" marginheight=\"0\" scrolling=\"no\" class=\"wp-embedded-content\"><\/iframe><script type=\"text\/javascript\">\n\/* <![CDATA[ *\/\n\/*! This file is auto-generated *\/\n!function(d,l){\"use strict\";l.querySelector&&d.addEventListener&&\"undefined\"!=typeof URL&&(d.wp=d.wp||{},d.wp.receiveEmbedMessage||(d.wp.receiveEmbedMessage=function(e){var t=e.data;if((t||t.secret||t.message||t.value)&&!\/[^a-zA-Z0-9]\/.test(t.secret)){for(var s,r,n,a=l.querySelectorAll('iframe[data-secret=\"'+t.secret+'\"]'),o=l.querySelectorAll('blockquote[data-secret=\"'+t.secret+'\"]'),c=new RegExp(\"^https?:$\",\"i\"),i=0;i<o.length;i++)o[i].style.display=\"none\";for(i=0;i<a.length;i++)s=a[i],e.source===s.contentWindow&&(s.removeAttribute(\"style\"),\"height\"===t.message?(1e3<(r=parseInt(t.value,10))?r=1e3:~~r<200&&(r=200),s.height=r):\"link\"===t.message&&(r=new URL(s.getAttribute(\"src\")),n=new URL(t.value),c.test(n.protocol))&&n.host===r.host&&l.activeElement===s&&(d.top.location.href=t.value))}},d.addEventListener(\"message\",d.wp.receiveEmbedMessage,!1),l.addEventListener(\"DOMContentLoaded\",function(){for(var e,t,s=l.querySelectorAll(\"iframe.wp-embedded-content\"),r=0;r<s.length;r++)(t=(e=s[r]).getAttribute(\"data-secret\"))||(t=Math.random().toString(36).substring(2,12),e.src+=\"#?secret=\"+t,e.setAttribute(\"data-secret\",t)),e.contentWindow.postMessage({message:\"ready\",secret:t},\"*\")},!1)))}(window,document);\n\/* ]]> *\/\n<\/script>\n","thumbnail_url":"https:\/\/talhabarut.com\/wp-content\/uploads\/2019\/08\/yazi_neumunsteremeklilik.jpg","thumbnail_width":360,"thumbnail_height":200,"description":"19 Haziran 2019 tarihinde Uzman Avukat Talha Barut\u2019un konuk olarak kat\u0131ld\u0131\u011f\u0131 seminerde T\u00fcrkiye\u2019den emeklilik konusunda \u00e7ok \u00f6nemli konular tart\u0131\u015f\u0131ld\u0131. Sosyal Hizmetler Uzman\u0131 D\u00f6nd\u00fc Tosun taraf\u0131ndan organize edilen etkinlik s\u0131cak bir atmosferde ger\u00e7ekle\u015ftirildi. Yeni de\u011fi\u015fecek emeklilik yasas\u0131 ile ilgili \u00f6nemli a\u00e7\u0131klamalar yapan Avukat Barut \u015funlar\u0131 kaydetti: \u2019Hazine ve Maliye Bakan\u0131 Berat Albayrak 2019 y\u0131l\u0131 i\u00e7erisinde emeklilik&hellip;Read More"}